{"id":31,"date":"2023-03-22T21:14:40","date_gmt":"2023-03-23T00:14:40","guid":{"rendered":"https:\/\/idsa.situati.net\/site\/?page_id=31"},"modified":"2024-11-24T22:33:33","modified_gmt":"2024-11-25T01:33:33","slug":"eventos","status":"publish","type":"page","link":"https:\/\/idsa.org.br\/site\/eventos\/","title":{"rendered":"Eventos"},"content":{"rendered":"<div class=\"gb-container gb-container-0c7b5eeb\">\n<div class=\"gb-container gb-container-b5226d91\">\n\n<p class=\"has-text-align-center subheading\">O IDSA organiza periodicamente semin\u00e1rios, com a participa\u00e7\u00e3o de seus associados e de renomados especialistas, a fim de debater e divulgar temas contempor\u00e2neos do direito societ\u00e1rio e do mercado de capitais.<\/p>\n\n<\/div>\n<\/div>\n\n<div class=\"gb-container gb-container-33e31b4c\">\n<div class=\"gb-container gb-container-0dbabc08\">\n\n<h2 class=\"gb-headline gb-headline-5ee72461 gb-headline-text\">SEMIN\u00c1RIOS<br><\/h2>\n\n<\/div>\n\n<div class=\"gb-container gb-container-238c538a\">\n\n<p class=\"id-item-1\"><a href=\"https:\/\/eventos.idsa.org.br\/idip\/\" target=\"_blank\" rel=\"noreferrer noopener\">Congresso Disputas em M&amp;A \u2013 IDSA &amp; IDiP<\/a> \u2013 (agosto\/2024)<\/p>\n\n\n\n<p>Local: Audit\u00f3rio CAM-CCBC<\/p>\n\n\n\n<p class=\"id-item-1\">3\u00ba Semin\u00e1rio Brasileiro sobre Futebol, a Lei da SAF e o Mercado de Capitais e Lan\u00e7amento do IBESAF (setembro\/2024)<\/p>\n\n\n\n<p>Local: Comiss\u00e3o de Valores Mobili\u00e1rios \u2013 CVM<\/p>\n\n\n\n<p class=\"id-item-1\"><a href=\"https:\/\/idsa.org.br\/site\/wp-content\/uploads\/2024\/08\/flyer_idsa_cvm_2023.pdf\" target=\"_blank\" rel=\"noreferrer noopener\">Enforcement p\u00fablico e privado no mercado de capitais brasileiro<\/a> (novembro\/2023)<\/p>\n\n\n\n<p>Local: Comiss\u00e3o de Valores Mobili\u00e1rios \u2013 CVM<\/p>\n\n\n\n<p class=\"id-item-1\">1\u00ba Semin\u00e1rio Brasileiro sobre Futebol, a lei da SAF e o Mercado de Capitais (novembro\/2023)<\/p>\n\n\n\n<p>Local: Comiss\u00e3o de Valores Mobili\u00e1rios \u2013 CVM<\/p>\n\n\n\n<p class=\"id-item-1\">Enforcement privado \u2013 tend\u00eancias e debates sobre o Novo Projeto de Lei n. 2.925\/23 (setembro\/2023)<\/p>\n\n\n\n<p>Local: Insper<\/p>\n\n\n\n<p class=\"id-item-1\">II Congresso de Direito das Sociedades e dos Valores Mobili\u00e1rios (dezembro\/2021)<\/p>\n\n\n\n<p>Local: Online<\/p>\n\n\n\n<p class=\"id-item-1\">Nova Lei de Recupera\u00e7\u00e3o e Fal\u00eancias: quest\u00f5es controvertidas (fevereiro\/2021)<\/p>\n\n\n\n<p>Local: Online<\/p>\n\n\n\n<p class=\"id-item-1\">O futuro do direito societ\u00e1rio e do mercado de capitais (junho\/2020)<\/p>\n\n\n\n<p>Local: Online<\/p>\n\n\n\n<p class=\"id-item-1\">Atualidades do Direito Societ\u00e1rio Aplicado (setembro\/2017)<\/p>\n\n\n\n<p>Local: OAB\/SC (Florian\u00f3polis)<br><\/p>\n\n\n\n<p class=\"id-item-1\">Encontro IBRAC\/IDSA sobre Defesa da Concorr\u00eancia e Direito Societ\u00e1rio (abril\/2017)<\/p>\n\n\n\n<p>Local: Hotel Golden Tulip\/SP<br><\/p>\n\n\n\n<p class=\"id-item-1\">Governan\u00e7a Corporativa \u2013 Avan\u00e7os e Retrocessos no Mundo Jur\u00eddico (novembro\/2015)<\/p>\n\n\n\n<p>Local: Insper\/SP<br><\/p>\n\n\n\n<p class=\"id-item-1\">A Sociedade Limitada em Perspectiva 10 Anos do Novo C\u00f3digo Civil (novembro\/2013)<\/p>\n\n\n\n<p>Location: IBMEC\/SP<br><\/p>\n\n\n\n<p class=\"id-item-1\">A Sociedade Limitada em Debate \u2013 Reflex\u00f5es ap\u00f3s 10 Anos do Novo C\u00f3digo Civil (outubro\/2013)<\/p>\n\n\n\n<p>Local: Insper\/SP<br><\/p>\n\n\n\n<p class=\"id-item-1\">New Challenges of the Corporate Law (December \/2007)<br><\/p>\n\n\n\n<p>Location: IBMEC\/SP<br><\/p>\n\n\n\n<p class=\"id-item-1\">Encontro de Direito Empresarial e Societ\u00e1rio Aplicado (junho\/2007)<\/p>\n\n\n\n<p>Local: OAB\/SC<br><\/p>\n\n<\/div>\n<\/div>\n\n<div class=\"gb-container gb-container-ff5a7589\">\n<div class=\"gb-container gb-container-9b3f2905\">\n\n<h2 class=\"gb-headline gb-headline-aa2be7d1 gb-headline-text\">LAN\u00c7AMENTOS DE OBRAS<br><\/h2>\n\n<\/div>\n\n<div class=\"gb-container gb-container-642a0c7e\">\n\n<p class=\"id-item-1\">Volume 10: A Capitaliza\u00e7\u00e3o da Empresa e o Mercado de Valores Mobili\u00e1rios (dezembro\/2018)<\/p>\n\n\n\n<p>Andr\u00e9 Grunspun Pitta<br>Local: Livraria da Vila<\/p>\n\n\n\n<p class=\"id-item-1\">Volume 8: Controle Minorit\u00e1rio: Dissocia\u00e7\u00e3o entre Voto e a Participa\u00e7\u00e3o Econ\u00f4mica na Companhia Aberta (abril\/2017)<\/p>\n\n\n\n<p>Lu\u00eds Andr\u00e9 Negrelli de Moura Azevedo<br>Local: Livraria da Vila<br><\/p>\n\n\n\n<p class=\"id-item-1\">7\u00aa Obra Coletiva <br>Governan\u00e7a Corporativa \u2013 Avan\u00e7os e Retrocessos (abril\/2017)<br>Coordena\u00e7\u00e3o: Maristela <\/p>\n\n\n\n<p>Abla Rossetti e Andr\u00e9 Grunspun Pitta<br>Local: Livraria da Vila<\/p>\n\n<\/div>\n\n<div class=\"pgc-sgb-cb wp-block-pgcsimplygalleryblock-slider \" data-gallery-id=\"14252770\"style=&quot;min-height:400px&quot;><div class=\"sgb-preloader\" id=\"pr_14252770\">\n\t<div class=\"sgb-square\" style=\"background:#d4d4d4\"><\/div>\n\t<div class=\"sgb-square\" style=\"background:#d4d4d4\"><\/div>\n\t<div class=\"sgb-square\" style=\"background:#d4d4d4\"><\/div>\n\t<div class=\"sgb-square\" style=\"background:#d4d4d4\"><\/div><\/div><div class=\"simply-gallery-amp pgc_sgb_slider \" style=\"display: none;\"><div class=\"sgb-gallery\"><div class=\"sgb-item\"><a href=\"https:\/\/idsa.org.br\/site\/wp-content\/uploads\/2023\/03\/Lancamento-ad.jpg\"><img loading=\"lazy\" decoding=\"async\" alt=\"\" width=\"300\" height=\"200\" loading=\"lazy\" src=\"https:\/\/idsa.org.br\/site\/wp-content\/uploads\/2023\/03\/Lancamento-ad-300x200.jpg\" srcset=\"https:\/\/idsa.org.br\/site\/wp-content\/uploads\/2023\/03\/Lancamento-ad-300x200.jpg 300w,https:\/\/idsa.org.br\/site\/wp-content\/uploads\/2023\/03\/Lancamento-ad-1024x682.jpg 1024w,https:\/\/idsa.org.br\/site\/wp-content\/uploads\/2023\/03\/Lancamento-ad.jpg 1520w\" sizes=\"auto, 250px\"\/><\/a><\/div><div class=\"sgb-item\"><a href=\"https:\/\/idsa.org.br\/site\/wp-content\/uploads\/2023\/03\/Lancamento-Governanca-Corporativa-3.jpg\"><img loading=\"lazy\" decoding=\"async\" alt=\"\" width=\"200\" height=\"300\" loading=\"lazy\" src=\"https:\/\/idsa.org.br\/site\/wp-content\/uploads\/2023\/03\/Lancamento-Governanca-Corporativa-3-200x300.jpg\" srcset=\"https:\/\/idsa.org.br\/site\/wp-content\/uploads\/2023\/03\/Lancamento-Governanca-Corporativa-3-200x300.jpg 200w,https:\/\/idsa.org.br\/site\/wp-content\/uploads\/2023\/03\/Lancamento-Governanca-Corporativa-3.jpg 684w\" sizes=\"auto, 250px\"\/><\/a><\/div><div class=\"sgb-item\"><a href=\"https:\/\/idsa.org.br\/site\/wp-content\/uploads\/2023\/03\/Lancamento-Governanca-Corporativa-14.jpg\"><img loading=\"lazy\" decoding=\"async\" alt=\"\" width=\"300\" height=\"200\" loading=\"lazy\" src=\"https:\/\/idsa.org.br\/site\/wp-content\/uploads\/2023\/03\/Lancamento-Governanca-Corporativa-14-300x200.jpg\" srcset=\"https:\/\/idsa.org.br\/site\/wp-content\/uploads\/2023\/03\/Lancamento-Governanca-Corporativa-14-300x200.jpg 300w,https:\/\/idsa.org.br\/site\/wp-content\/uploads\/2023\/03\/Lancamento-Governanca-Corporativa-14-1024x684.jpg 1024w,https:\/\/idsa.org.br\/site\/wp-content\/uploads\/2023\/03\/Lancamento-Governanca-Corporativa-14.jpg 1520w\" sizes=\"auto, 250px\"\/><\/a><\/div><div class=\"sgb-item\"><a href=\"https:\/\/idsa.org.br\/site\/wp-content\/uploads\/2023\/03\/Lancamento-Governanca-Corporativa-27.jpg\"><img loading=\"lazy\" decoding=\"async\" alt=\"\" width=\"300\" height=\"200\" loading=\"lazy\" src=\"https:\/\/idsa.org.br\/site\/wp-content\/uploads\/2023\/03\/Lancamento-Governanca-Corporativa-27-300x200.jpg\" srcset=\"https:\/\/idsa.org.br\/site\/wp-content\/uploads\/2023\/03\/Lancamento-Governanca-Corporativa-27-300x200.jpg 300w,https:\/\/idsa.org.br\/site\/wp-content\/uploads\/2023\/03\/Lancamento-Governanca-Corporativa-27-1024x682.jpg 1024w,https:\/\/idsa.org.br\/site\/wp-content\/uploads\/2023\/03\/Lancamento-Governanca-Corporativa-27.jpg 1520w\" sizes=\"auto, 250px\"\/><\/a><\/div><div class=\"sgb-item\"><a href=\"https:\/\/idsa.org.br\/site\/wp-content\/uploads\/2023\/03\/Lancamento-Governanca-Corporativa-47.jpg\"><img loading=\"lazy\" decoding=\"async\" alt=\"\" width=\"300\" height=\"200\" loading=\"lazy\" src=\"https:\/\/idsa.org.br\/site\/wp-content\/uploads\/2023\/03\/Lancamento-Governanca-Corporativa-47-300x200.jpg\" srcset=\"https:\/\/idsa.org.br\/site\/wp-content\/uploads\/2023\/03\/Lancamento-Governanca-Corporativa-47-300x200.jpg 300w,https:\/\/idsa.org.br\/site\/wp-content\/uploads\/2023\/03\/Lancamento-Governanca-Corporativa-47-1024x682.jpg 1024w,https:\/\/idsa.org.br\/site\/wp-content\/uploads\/2023\/03\/Lancamento-Governanca-Corporativa-47.jpg 1520w\" sizes=\"auto, 250px\"\/><\/a><\/div><div class=\"sgb-item\"><a href=\"https:\/\/idsa.org.br\/site\/wp-content\/uploads\/2023\/03\/Lancamento-Governanca-Corporativa-92.jpg\"><img loading=\"lazy\" decoding=\"async\" alt=\"\" width=\"300\" height=\"200\" loading=\"lazy\" src=\"https:\/\/idsa.org.br\/site\/wp-content\/uploads\/2023\/03\/Lancamento-Governanca-Corporativa-92-300x200.jpg\" srcset=\"https:\/\/idsa.org.br\/site\/wp-content\/uploads\/2023\/03\/Lancamento-Governanca-Corporativa-92-300x200.jpg 300w,https:\/\/idsa.org.br\/site\/wp-content\/uploads\/2023\/03\/Lancamento-Governanca-Corporativa-92-1024x682.jpg 1024w,https:\/\/idsa.org.br\/site\/wp-content\/uploads\/2023\/03\/Lancamento-Governanca-Corporativa-92.jpg 1520w\" sizes=\"auto, 250px\"\/><\/a><\/div><div class=\"sgb-item\"><a href=\"https:\/\/idsa.org.br\/site\/wp-content\/uploads\/2023\/03\/Lancamento-Governanca-Corporativa-105.jpg\"><img loading=\"lazy\" decoding=\"async\" alt=\"\" width=\"300\" height=\"200\" loading=\"lazy\" src=\"https:\/\/idsa.org.br\/site\/wp-content\/uploads\/2023\/03\/Lancamento-Governanca-Corporativa-105-300x200.jpg\" srcset=\"https:\/\/idsa.org.br\/site\/wp-content\/uploads\/2023\/03\/Lancamento-Governanca-Corporativa-105-300x200.jpg 300w,https:\/\/idsa.org.br\/site\/wp-content\/uploads\/2023\/03\/Lancamento-Governanca-Corporativa-105-1024x682.jpg 1024w,https:\/\/idsa.org.br\/site\/wp-content\/uploads\/2023\/03\/Lancamento-Governanca-Corporativa-105.jpg 1520w\" sizes=\"auto, 250px\"\/><\/a><\/div><div class=\"sgb-item\"><a href=\"https:\/\/idsa.org.br\/site\/wp-content\/uploads\/2023\/03\/Lancamento-Governanca-Corporativa-118.jpg\"><img loading=\"lazy\" decoding=\"async\" alt=\"\" width=\"300\" height=\"200\" loading=\"lazy\" src=\"https:\/\/idsa.org.br\/site\/wp-content\/uploads\/2023\/03\/Lancamento-Governanca-Corporativa-118-300x200.jpg\" srcset=\"https:\/\/idsa.org.br\/site\/wp-content\/uploads\/2023\/03\/Lancamento-Governanca-Corporativa-118-300x200.jpg 300w,https:\/\/idsa.org.br\/site\/wp-content\/uploads\/2023\/03\/Lancamento-Governanca-Corporativa-118-1024x682.jpg 1024w,https:\/\/idsa.org.br\/site\/wp-content\/uploads\/2023\/03\/Lancamento-Governanca-Corporativa-118.jpg 1520w\" sizes=\"auto, 250px\"\/><\/a><\/div><div class=\"sgb-item\"><a href=\"https:\/\/idsa.org.br\/site\/wp-content\/uploads\/2023\/03\/Lancamento-Governanca-Corporativa-203.jpg\"><img loading=\"lazy\" decoding=\"async\" alt=\"\" width=\"300\" height=\"200\" loading=\"lazy\" src=\"https:\/\/idsa.org.br\/site\/wp-content\/uploads\/2023\/03\/Lancamento-Governanca-Corporativa-203-300x200.jpg\" srcset=\"https:\/\/idsa.org.br\/site\/wp-content\/uploads\/2023\/03\/Lancamento-Governanca-Corporativa-203-300x200.jpg 300w,https:\/\/idsa.org.br\/site\/wp-content\/uploads\/2023\/03\/Lancamento-Governanca-Corporativa-203-1024x682.jpg 1024w,https:\/\/idsa.org.br\/site\/wp-content\/uploads\/2023\/03\/Lancamento-Governanca-Corporativa-203.jpg 1520w\" sizes=\"auto, 250px\"\/><\/a><\/div><div class=\"sgb-item\"><a href=\"https:\/\/idsa.org.br\/site\/wp-content\/uploads\/2023\/03\/Lancamento-Governanca-Corporativa-232.jpg\"><img loading=\"lazy\" decoding=\"async\" alt=\"\" width=\"300\" height=\"200\" loading=\"lazy\" src=\"https:\/\/idsa.org.br\/site\/wp-content\/uploads\/2023\/03\/Lancamento-Governanca-Corporativa-232-300x200.jpg\" srcset=\"https:\/\/idsa.org.br\/site\/wp-content\/uploads\/2023\/03\/Lancamento-Governanca-Corporativa-232-300x200.jpg 300w,https:\/\/idsa.org.br\/site\/wp-content\/uploads\/2023\/03\/Lancamento-Governanca-Corporativa-232-1024x682.jpg 1024w,https:\/\/idsa.org.br\/site\/wp-content\/uploads\/2023\/03\/Lancamento-Governanca-Corporativa-232.jpg 1520w\" sizes=\"auto, 250px\"\/><\/a><\/div><div class=\"sgb-item\"><a href=\"https:\/\/idsa.org.br\/site\/wp-content\/uploads\/2023\/03\/Lancamento-Governanca-Corporativa-303.jpg\"><img loading=\"lazy\" decoding=\"async\" alt=\"\" width=\"300\" height=\"200\" loading=\"lazy\" src=\"https:\/\/idsa.org.br\/site\/wp-content\/uploads\/2023\/03\/Lancamento-Governanca-Corporativa-303-300x200.jpg\" srcset=\"https:\/\/idsa.org.br\/site\/wp-content\/uploads\/2023\/03\/Lancamento-Governanca-Corporativa-303-300x200.jpg 300w,https:\/\/idsa.org.br\/site\/wp-content\/uploads\/2023\/03\/Lancamento-Governanca-Corporativa-303-1024x682.jpg 1024w,https:\/\/idsa.org.br\/site\/wp-content\/uploads\/2023\/03\/Lancamento-Governanca-Corporativa-303.jpg 1520w\" sizes=\"auto, 250px\"\/><\/a><\/div><\/div><\/div><script type=\"application\/json\" class=\"sgb-data\">{\"collectionThumbSubMenuDownload\":false,\"sliderAdminWidth\":1120,\"galleryType\":\"pgc_sgb_slider\",\"galleryId\":\"14252770\",\"images\":[{\"id\":867,\"title\":\"Lan\u00e7amento-ad\",\"url\":\"https:\/\/idsa.org.br\/site\/wp-content\/uploads\/2023\/03\/Lancamento-ad.jpg\",\"link\":\"https:\/\/idsa.org.br\/site\/pgc_simply_gallery\/eventos-governanca-corporativa\/lancamento-ad\/#main\",\"alt\":\"\",\"description\":\"\",\"caption\":\"\",\"mime\":\"image\/jpeg\",\"type\":\"image\",\"width\":1520,\"height\":1013,\"sizes\":{\"thumbnail\":{\"height\":150,\"width\":150,\"url\":\"https:\/\/idsa.org.br\/site\/wp-content\/uploads\/2023\/03\/Lancamento-ad-150x150.jpg\",\"orientation\":\"landscape\"},\"medium\":{\"height\":200,\"width\":300,\"url\":\"https:\/\/idsa.org.br\/site\/wp-content\/uploads\/2023\/03\/Lancamento-ad-300x200.jpg\",\"orientation\":\"landscape\"},\"large\":{\"height\":682,\"width\":1024,\"url\":\"https:\/\/idsa.org.br\/site\/wp-content\/uploads\/2023\/03\/Lancamento-ad-1024x682.jpg\",\"orientation\":\"landscape\"},\"full\":{\"url\":\"https:\/\/idsa.org.br\/site\/wp-content\/uploads\/2023\/03\/Lancamento-ad.jpg\",\"height\":1013,\"width\":1520,\"orientation\":\"landscape\"}},\"imageMeta\":{\"aperture\":\"0\",\"credit\":\"\",\"camera\":\"\",\"caption\":\"\",\"created_timestamp\":\"0\",\"copyright\":\"\",\"focal_length\":\"0\",\"iso\":\"0\",\"shutter_speed\":\"0\",\"title\":\"\",\"orientation\":\"0\",\"keywords\":[]},\"meta\":false},{\"id\":868,\"title\":\"Lan\u00e7amento-Governan\u00e7a-Corporativa-3\",\"url\":\"https:\/\/idsa.org.br\/site\/wp-content\/uploads\/2023\/03\/Lancamento-Governanca-Corporativa-3.jpg\",\"link\":\"https:\/\/idsa.org.br\/site\/pgc_simply_gallery\/eventos-governanca-corporativa\/lancamento-governanca-corporativa-3\/#main\",\"alt\":\"\",\"description\":\"\",\"caption\":\"\",\"mime\":\"image\/jpeg\",\"type\":\"image\",\"width\":684,\"height\":1024,\"sizes\":{\"thumbnail\":{\"height\":150,\"width\":150,\"url\":\"https:\/\/idsa.org.br\/site\/wp-content\/uploads\/2023\/03\/Lancamento-Governanca-Corporativa-3-150x150.jpg\",\"orientation\":\"landscape\"},\"medium\":{\"height\":300,\"width\":200,\"url\":\"https:\/\/idsa.org.br\/site\/wp-content\/uploads\/2023\/03\/Lancamento-Governanca-Corporativa-3-200x300.jpg\",\"orientation\":\"portrait\"},\"full\":{\"url\":\"https:\/\/idsa.org.br\/site\/wp-content\/uploads\/2023\/03\/Lancamento-Governanca-Corporativa-3.jpg\",\"height\":1024,\"width\":684,\"orientation\":\"portrait\"}},\"imageMeta\":{\"aperture\":\"0\",\"credit\":\"\",\"camera\":\"\",\"caption\":\"\",\"created_timestamp\":\"0\",\"copyright\":\"\",\"focal_length\":\"0\",\"iso\":\"0\",\"shutter_speed\":\"0\",\"title\":\"\",\"orientation\":\"0\",\"keywords\":[]},\"meta\":false},{\"id\":869,\"title\":\"Lan\u00e7amento-Governan\u00e7a-Corporativa-14\",\"url\":\"https:\/\/idsa.org.br\/site\/wp-content\/uploads\/2023\/03\/Lancamento-Governanca-Corporativa-14.jpg\",\"link\":\"https:\/\/idsa.org.br\/site\/pgc_simply_gallery\/eventos-governanca-corporativa\/lancamento-governanca-corporativa-14\/#main\",\"alt\":\"\",\"description\":\"\",\"caption\":\"\",\"mime\":\"image\/jpeg\",\"type\":\"image\",\"width\":1520,\"height\":1015,\"sizes\":{\"thumbnail\":{\"height\":150,\"width\":150,\"url\":\"https:\/\/idsa.org.br\/site\/wp-content\/uploads\/2023\/03\/Lancamento-Governanca-Corporativa-14-150x150.jpg\",\"orientation\":\"landscape\"},\"medium\":{\"height\":200,\"width\":300,\"url\":\"https:\/\/idsa.org.br\/site\/wp-content\/uploads\/2023\/03\/Lancamento-Governanca-Corporativa-14-300x200.jpg\",\"orientation\":\"landscape\"},\"large\":{\"height\":684,\"width\":1024,\"url\":\"https:\/\/idsa.org.br\/site\/wp-content\/uploads\/2023\/03\/Lancamento-Governanca-Corporativa-14-1024x684.jpg\",\"orientation\":\"landscape\"},\"full\":{\"url\":\"https:\/\/idsa.org.br\/site\/wp-content\/uploads\/2023\/03\/Lancamento-Governanca-Corporativa-14.jpg\",\"height\":1015,\"width\":1520,\"orientation\":\"landscape\"}},\"imageMeta\":{\"aperture\":\"0\",\"credit\":\"\",\"camera\":\"\",\"caption\":\"\",\"created_timestamp\":\"0\",\"copyright\":\"\",\"focal_length\":\"0\",\"iso\":\"0\",\"shutter_speed\":\"0\",\"title\":\"\",\"orientation\":\"0\",\"keywords\":[]},\"meta\":false},{\"id\":870,\"title\":\"Lan\u00e7amento-Governan\u00e7a-Corporativa-27\",\"url\":\"https:\/\/idsa.org.br\/site\/wp-content\/uploads\/2023\/03\/Lancamento-Governanca-Corporativa-27.jpg\",\"link\":\"https:\/\/idsa.org.br\/site\/pgc_simply_gallery\/eventos-governanca-corporativa\/lancamento-governanca-corporativa-27\/#main\",\"alt\":\"\",\"description\":\"\",\"caption\":\"\",\"mime\":\"image\/jpeg\",\"type\":\"image\",\"width\":1520,\"height\":1013,\"sizes\":{\"thumbnail\":{\"height\":150,\"width\":150,\"url\":\"https:\/\/idsa.org.br\/site\/wp-content\/uploads\/2023\/03\/Lancamento-Governanca-Corporativa-27-150x150.jpg\",\"orientation\":\"landscape\"},\"medium\":{\"height\":200,\"width\":300,\"url\":\"https:\/\/idsa.org.br\/site\/wp-content\/uploads\/2023\/03\/Lancamento-Governanca-Corporativa-27-300x200.jpg\",\"orientation\":\"landscape\"},\"large\":{\"height\":682,\"width\":1024,\"url\":\"https:\/\/idsa.org.br\/site\/wp-content\/uploads\/2023\/03\/Lancamento-Governanca-Corporativa-27-1024x682.jpg\",\"orientation\":\"landscape\"},\"full\":{\"url\":\"https:\/\/idsa.org.br\/site\/wp-content\/uploads\/2023\/03\/Lancamento-Governanca-Corporativa-27.jpg\",\"height\":1013,\"width\":1520,\"orientation\":\"landscape\"}},\"imageMeta\":{\"aperture\":\"0\",\"credit\":\"\",\"camera\":\"\",\"caption\":\"\",\"created_timestamp\":\"0\",\"copyright\":\"\",\"focal_length\":\"0\",\"iso\":\"0\",\"shutter_speed\":\"0\",\"title\":\"\",\"orientation\":\"0\",\"keywords\":[]},\"meta\":false},{\"id\":871,\"title\":\"Lan\u00e7amento-Governan\u00e7a-Corporativa-47\",\"url\":\"https:\/\/idsa.org.br\/site\/wp-content\/uploads\/2023\/03\/Lancamento-Governanca-Corporativa-47.jpg\",\"link\":\"https:\/\/idsa.org.br\/site\/pgc_simply_gallery\/eventos-governanca-corporativa\/lancamento-governanca-corporativa-47\/#main\",\"alt\":\"\",\"description\":\"\",\"caption\":\"\",\"mime\":\"image\/jpeg\",\"type\":\"image\",\"width\":1520,\"height\":1013,\"sizes\":{\"thumbnail\":{\"height\":150,\"width\":150,\"url\":\"https:\/\/idsa.org.br\/site\/wp-content\/uploads\/2023\/03\/Lancamento-Governanca-Corporativa-47-150x150.jpg\",\"orientation\":\"landscape\"},\"medium\":{\"height\":200,\"width\":300,\"url\":\"https:\/\/idsa.org.br\/site\/wp-content\/uploads\/2023\/03\/Lancamento-Governanca-Corporativa-47-300x200.jpg\",\"orientation\":\"landscape\"},\"large\":{\"height\":682,\"width\":1024,\"url\":\"https:\/\/idsa.org.br\/site\/wp-content\/uploads\/2023\/03\/Lancamento-Governanca-Corporativa-47-1024x682.jpg\",\"orientation\":\"landscape\"},\"full\":{\"url\":\"https:\/\/idsa.org.br\/site\/wp-content\/uploads\/2023\/03\/Lancamento-Governanca-Corporativa-47.jpg\",\"height\":1013,\"width\":1520,\"orientation\":\"landscape\"}},\"imageMeta\":{\"aperture\":\"0\",\"credit\":\"\",\"camera\":\"\",\"caption\":\"\",\"created_timestamp\":\"0\",\"copyright\":\"\",\"focal_length\":\"0\",\"iso\":\"0\",\"shutter_speed\":\"0\",\"title\":\"\",\"orientation\":\"0\",\"keywords\":[]},\"meta\":false},{\"id\":872,\"title\":\"Lan\u00e7amento-Governan\u00e7a-Corporativa-92\",\"url\":\"https:\/\/idsa.org.br\/site\/wp-content\/uploads\/2023\/03\/Lancamento-Governanca-Corporativa-92.jpg\",\"link\":\"https:\/\/idsa.org.br\/site\/pgc_simply_gallery\/eventos-governanca-corporativa\/lancamento-governanca-corporativa-92\/#main\",\"alt\":\"\",\"description\":\"\",\"caption\":\"\",\"mime\":\"image\/jpeg\",\"type\":\"image\",\"width\":1520,\"height\":1013,\"sizes\":{\"thumbnail\":{\"height\":150,\"width\":150,\"url\":\"https:\/\/idsa.org.br\/site\/wp-content\/uploads\/2023\/03\/Lancamento-Governanca-Corporativa-92-150x150.jpg\",\"orientation\":\"landscape\"},\"medium\":{\"height\":200,\"width\":300,\"url\":\"https:\/\/idsa.org.br\/site\/wp-content\/uploads\/2023\/03\/Lancamento-Governanca-Corporativa-92-300x200.jpg\",\"orientation\":\"landscape\"},\"large\":{\"height\":682,\"width\":1024,\"url\":\"https:\/\/idsa.org.br\/site\/wp-content\/uploads\/2023\/03\/Lancamento-Governanca-Corporativa-92-1024x682.jpg\",\"orientation\":\"landscape\"},\"full\":{\"url\":\"https:\/\/idsa.org.br\/site\/wp-content\/uploads\/2023\/03\/Lancamento-Governanca-Corporativa-92.jpg\",\"height\":1013,\"width\":1520,\"orientation\":\"landscape\"}},\"imageMeta\":{\"aperture\":\"0\",\"credit\":\"\",\"camera\":\"\",\"caption\":\"\",\"created_timestamp\":\"0\",\"copyright\":\"\",\"focal_length\":\"0\",\"iso\":\"0\",\"shutter_speed\":\"0\",\"title\":\"\",\"orientation\":\"0\",\"keywords\":[]},\"meta\":false},{\"id\":873,\"title\":\"Lan\u00e7amento-Governan\u00e7a-Corporativa-105\",\"url\":\"https:\/\/idsa.org.br\/site\/wp-content\/uploads\/2023\/03\/Lancamento-Governanca-Corporativa-105.jpg\",\"link\":\"https:\/\/idsa.org.br\/site\/pgc_simply_gallery\/eventos-governanca-corporativa\/lancamento-governanca-corporativa-105\/#main\",\"alt\":\"\",\"description\":\"\",\"caption\":\"\",\"mime\":\"image\/jpeg\",\"type\":\"image\",\"width\":1520,\"height\":1013,\"sizes\":{\"thumbnail\":{\"height\":150,\"width\":150,\"url\":\"https:\/\/idsa.org.br\/site\/wp-content\/uploads\/2023\/03\/Lancamento-Governanca-Corporativa-105-150x150.jpg\",\"orientation\":\"landscape\"},\"medium\":{\"height\":200,\"width\":300,\"url\":\"https:\/\/idsa.org.br\/site\/wp-content\/uploads\/2023\/03\/Lancamento-Governanca-Corporativa-105-300x200.jpg\",\"orientation\":\"landscape\"},\"large\":{\"height\":682,\"width\":1024,\"url\":\"https:\/\/idsa.org.br\/site\/wp-content\/uploads\/2023\/03\/Lancamento-Governanca-Corporativa-105-1024x682.jpg\",\"orientation\":\"landscape\"},\"full\":{\"url\":\"https:\/\/idsa.org.br\/site\/wp-content\/uploads\/2023\/03\/Lancamento-Governanca-Corporativa-105.jpg\",\"height\":1013,\"width\":1520,\"orientation\":\"landscape\"}},\"imageMeta\":{\"aperture\":\"0\",\"credit\":\"\",\"camera\":\"\",\"caption\":\"\",\"created_timestamp\":\"0\",\"copyright\":\"\",\"focal_length\":\"0\",\"iso\":\"0\",\"shutter_speed\":\"0\",\"title\":\"\",\"orientation\":\"0\",\"keywords\":[]},\"meta\":false},{\"id\":874,\"title\":\"Lan\u00e7amento-Governan\u00e7a-Corporativa-118\",\"url\":\"https:\/\/idsa.org.br\/site\/wp-content\/uploads\/2023\/03\/Lancamento-Governanca-Corporativa-118.jpg\",\"link\":\"https:\/\/idsa.org.br\/site\/pgc_simply_gallery\/eventos-governanca-corporativa\/lancamento-governanca-corporativa-118\/#main\",\"alt\":\"\",\"description\":\"\",\"caption\":\"\",\"mime\":\"image\/jpeg\",\"type\":\"image\",\"width\":1520,\"height\":1013,\"sizes\":{\"thumbnail\":{\"height\":150,\"width\":150,\"url\":\"https:\/\/idsa.org.br\/site\/wp-content\/uploads\/2023\/03\/Lancamento-Governanca-Corporativa-118-150x150.jpg\",\"orientation\":\"landscape\"},\"medium\":{\"height\":200,\"width\":300,\"url\":\"https:\/\/idsa.org.br\/site\/wp-content\/uploads\/2023\/03\/Lancamento-Governanca-Corporativa-118-300x200.jpg\",\"orientation\":\"landscape\"},\"large\":{\"height\":682,\"width\":1024,\"url\":\"https:\/\/idsa.org.br\/site\/wp-content\/uploads\/2023\/03\/Lancamento-Governanca-Corporativa-118-1024x682.jpg\",\"orientation\":\"landscape\"},\"full\":{\"url\":\"https:\/\/idsa.org.br\/site\/wp-content\/uploads\/2023\/03\/Lancamento-Governanca-Corporativa-118.jpg\",\"height\":1013,\"width\":1520,\"orientation\":\"landscape\"}},\"imageMeta\":{\"aperture\":\"0\",\"credit\":\"\",\"camera\":\"\",\"caption\":\"\",\"created_timestamp\":\"0\",\"copyright\":\"\",\"focal_length\":\"0\",\"iso\":\"0\",\"shutter_speed\":\"0\",\"title\":\"\",\"orientation\":\"0\",\"keywords\":[]},\"meta\":false},{\"id\":875,\"title\":\"Lan\u00e7amento-Governan\u00e7a-Corporativa-203\",\"url\":\"https:\/\/idsa.org.br\/site\/wp-content\/uploads\/2023\/03\/Lancamento-Governanca-Corporativa-203.jpg\",\"link\":\"https:\/\/idsa.org.br\/site\/pgc_simply_gallery\/eventos-governanca-corporativa\/lancamento-governanca-corporativa-203\/#main\",\"alt\":\"\",\"description\":\"\",\"caption\":\"\",\"mime\":\"image\/jpeg\",\"type\":\"image\",\"width\":1520,\"height\":1013,\"sizes\":{\"thumbnail\":{\"height\":150,\"width\":150,\"url\":\"https:\/\/idsa.org.br\/site\/wp-content\/uploads\/2023\/03\/Lancamento-Governanca-Corporativa-203-150x150.jpg\",\"orientation\":\"landscape\"},\"medium\":{\"height\":200,\"width\":300,\"url\":\"https:\/\/idsa.org.br\/site\/wp-content\/uploads\/2023\/03\/Lancamento-Governanca-Corporativa-203-300x200.jpg\",\"orientation\":\"landscape\"},\"large\":{\"height\":682,\"width\":1024,\"url\":\"https:\/\/idsa.org.br\/site\/wp-content\/uploads\/2023\/03\/Lancamento-Governanca-Corporativa-203-1024x682.jpg\",\"orientation\":\"landscape\"},\"full\":{\"url\":\"https:\/\/idsa.org.br\/site\/wp-content\/uploads\/2023\/03\/Lancamento-Governanca-Corporativa-203.jpg\",\"height\":1013,\"width\":1520,\"orientation\":\"landscape\"}},\"imageMeta\":{\"aperture\":\"0\",\"credit\":\"\",\"camera\":\"\",\"caption\":\"\",\"created_timestamp\":\"0\",\"copyright\":\"\",\"focal_length\":\"0\",\"iso\":\"0\",\"shutter_speed\":\"0\",\"title\":\"\",\"orientation\":\"0\",\"keywords\":[]},\"meta\":false},{\"id\":876,\"title\":\"Lan\u00e7amento-Governan\u00e7a-Corporativa-232\",\"url\":\"https:\/\/idsa.org.br\/site\/wp-content\/uploads\/2023\/03\/Lancamento-Governanca-Corporativa-232.jpg\",\"link\":\"https:\/\/idsa.org.br\/site\/pgc_simply_gallery\/eventos-governanca-corporativa\/lancamento-governanca-corporativa-232\/#main\",\"alt\":\"\",\"description\":\"\",\"caption\":\"\",\"mime\":\"image\/jpeg\",\"type\":\"image\",\"width\":1520,\"height\":1013,\"sizes\":{\"thumbnail\":{\"height\":150,\"width\":150,\"url\":\"https:\/\/idsa.org.br\/site\/wp-content\/uploads\/2023\/03\/Lancamento-Governanca-Corporativa-232-150x150.jpg\",\"orientation\":\"landscape\"},\"medium\":{\"height\":200,\"width\":300,\"url\":\"https:\/\/idsa.org.br\/site\/wp-content\/uploads\/2023\/03\/Lancamento-Governanca-Corporativa-232-300x200.jpg\",\"orientation\":\"landscape\"},\"large\":{\"height\":682,\"width\":1024,\"url\":\"https:\/\/idsa.org.br\/site\/wp-content\/uploads\/2023\/03\/Lancamento-Governanca-Corporativa-232-1024x682.jpg\",\"orientation\":\"landscape\"},\"full\":{\"url\":\"https:\/\/idsa.org.br\/site\/wp-content\/uploads\/2023\/03\/Lancamento-Governanca-Corporativa-232.jpg\",\"height\":1013,\"width\":1520,\"orientation\":\"landscape\"}},\"imageMeta\":{\"aperture\":\"0\",\"credit\":\"\",\"camera\":\"\",\"caption\":\"\",\"created_timestamp\":\"0\",\"copyright\":\"\",\"focal_length\":\"0\",\"iso\":\"0\",\"shutter_speed\":\"0\",\"title\":\"\",\"orientation\":\"0\",\"keywords\":[]},\"meta\":false},{\"id\":877,\"title\":\"Lan\u00e7amento-Governan\u00e7a-Corporativa-303\",\"url\":\"https:\/\/idsa.org.br\/site\/wp-content\/uploads\/2023\/03\/Lancamento-Governanca-Corporativa-303.jpg\",\"link\":\"https:\/\/idsa.org.br\/site\/pgc_simply_gallery\/eventos-governanca-corporativa\/lancamento-governanca-corporativa-303\/#main\",\"alt\":\"\",\"description\":\"\",\"caption\":\"\",\"mime\":\"image\/jpeg\",\"type\":\"image\",\"width\":1520,\"height\":1013,\"sizes\":{\"thumbnail\":{\"height\":150,\"width\":150,\"url\":\"https:\/\/idsa.org.br\/site\/wp-content\/uploads\/2023\/03\/Lancamento-Governanca-Corporativa-303-150x150.jpg\",\"orientation\":\"landscape\"},\"medium\":{\"height\":200,\"width\":300,\"url\":\"https:\/\/idsa.org.br\/site\/wp-content\/uploads\/2023\/03\/Lancamento-Governanca-Corporativa-303-300x200.jpg\",\"orientation\":\"landscape\"},\"large\":{\"height\":682,\"width\":1024,\"url\":\"https:\/\/idsa.org.br\/site\/wp-content\/uploads\/2023\/03\/Lancamento-Governanca-Corporativa-303-1024x682.jpg\",\"orientation\":\"landscape\"},\"full\":{\"url\":\"https:\/\/idsa.org.br\/site\/wp-content\/uploads\/2023\/03\/Lancamento-Governanca-Corporativa-303.jpg\",\"height\":1013,\"width\":1520,\"orientation\":\"landscape\"}},\"imageMeta\":{\"aperture\":\"0\",\"credit\":\"\",\"camera\":\"\",\"caption\":\"\",\"created_timestamp\":\"0\",\"copyright\":\"\",\"focal_length\":\"0\",\"iso\":\"0\",\"shutter_speed\":\"0\",\"title\":\"\",\"orientation\":\"0\",\"keywords\":[]},\"meta\":false}],\"sharePinterest\":false,\"sliderItemDownload\":false,\"shareCopyLink\":false,\"itemsMetaDataCollection\":[]}<\/script><script>(function(){if(window.PGC_SGB && window.PGC_SGB.searcher){window.PGC_SGB.searcher.initBlocks()}})()<\/script><\/div>\n\n<div class=\"gb-container gb-container-4236824c\">\n\n<p class=\"id-item-1\">Volume 7: Administradores e Acordo de Acionistas \u2013 Limites \u00e0 Vincula\u00e7\u00e3o (maio\/2015)<br><\/p>\n\n\n\n<p>Thiago Jos\u00e9 da Silva<br>Local: Sociedade H\u00edpica Paulista<br><\/p>\n\n\n\n<p class=\"id-item-1\">6\u00aa Obra Coletiva<br>Sociedade Limitada Contempor\u00e2nea (outubro\/2013)<\/p>\n\n\n\n<p>Coordena\u00e7\u00e3o: Rodrigo R. Monteiro de Castro e Luis Andr\u00e9 N. de Moura Azevedo<br>Local: Insper\/SP<br><\/p>\n\n\n\n<p class=\"id-item-1\">Volume 6: Impugna\u00e7\u00e3o de Delibera\u00e7\u00f5es de Assembleia das S\/A (outubro\/2013)<\/p>\n\n\n\n<p>Guilherme Setoguti J. Pereira<br>Local: Insper\/SP<br><\/p>\n\n\n\n<p class=\"id-item-1\">Volume 5: O Regime de Informa\u00e7\u00e3o das Companhias Abertas (outubro\/2013)<\/p>\n\n\n\n<p>Andr\u00e9 Gr\u00fcnspun Pitta<br>Local: Insper\/SP<br><\/p>\n\n\n\n<p class=\"id-item-1\">Volume 4: A Teoria Jur\u00eddica da Empresa no Direito Brasileiro (outubro\/2013)<\/p>\n\n\n\n<p>Ana Lucia Alves da Costa Arduin<br>Local: Insper\/SP<br><\/p>\n\n\n\n<p class=\"id-item-1\">5\u00aa Obra Coletiva<br>Poder de Controle e Outros Temas (maio\/2010)<\/p>\n\n\n\n<p>Coordena\u00e7\u00e3o: Rodrigo R. Monteiro de Castro e Luis Andr\u00e9 N. de Moura Azevedo<br>Local: Insper\/SP<br><\/p>\n\n\n\n<p class=\"id-item-1\">Volume 3: A Constri\u00e7\u00e3o da Cota de Sociedade Empres\u00e1ria Ltda. (maio\/2010)<\/p>\n\n\n\n<p>Marcos Andrey de Sousa<br>Local: Insper\/SP<br><\/p>\n\n\n\n<p class=\"id-item-1\">Volume 2 : Controle Gerencial (maio\/2010)<\/p>\n\n\n\n<p>Rodrigo R. Monteiro de Castro<br>Local: Insper\/SP<br><\/p>\n\n\n\n<p class=\"id-item-1\">Volume 1: Oferta P\u00fablica de Aquisi\u00e7\u00e3o do Controle de Companhias Abertas (maio\/2010)<\/p>\n\n\n\n<p>Erik Frederico Oioli<br>Local: Insper\/SP<br><\/p>\n\n\n\n<p class=\"id-item-1\">4\u00aa Obra Coletiva<br>Direito Societ\u00e1rio \u2013 Desafios Atuais (2009)<br><\/p>\n\n\n\n<p>Coordena\u00e7\u00e3o: Rodrigo R. Monteiro de Castro e Leandro Santos de Arag\u00e3o<br><\/p>\n\n\n\n<p class=\"id-item-1\">2\u00aa Obra Coletiva<br>Direito Societ\u00e1rio e a Nova Lei de Fal\u00eancias e Recupera\u00e7\u00e3o de Empresas (2006)<\/p>\n\n\n\n<p>Coordena\u00e7\u00e3o: Rodrigo R. Monteiro de Castro e Leandro Santos de Arag\u00e3o<br><\/p>\n\n\n\n<p class=\"id-item-1\">1\u00aa Obra Coletiva<br><\/p>\n\n\n\n<p>Reorganiza\u00e7\u00e3o Societ\u00e1ria (2005)Coordena\u00e7\u00e3o: Rodrigo R. Monteiro de Castro e Leandro Santos de Arag\u00e3o<\/p>\n\n<\/div>\n<\/div>","protected":false},"excerpt":{"rendered":"<p>O IDSA organiza periodicamente semin\u00e1rios, com a participa\u00e7\u00e3o de seus associados e de renomados especialistas, a fim de debater e divulgar temas contempor\u00e2neos do direito societ\u00e1rio e do mercado de capitais. SEMIN\u00c1RIOS Congresso Disputas em M&amp;A \u2013 IDSA &amp; IDiP \u2013 (agosto\/2024) Local: Audit\u00f3rio CAM-CCBC 3\u00ba Semin\u00e1rio Brasileiro sobre Futebol, a Lei da SAF e &#8230; <a title=\"Eventos\" class=\"read-more\" href=\"https:\/\/idsa.org.br\/site\/eventos\/\" aria-label=\"Read more about Eventos\">Leia mais<\/a><\/p>\n","protected":false},"author":1,"featured_media":0,"parent":0,"menu_order":0,"comment_status":"closed","ping_status":"closed","template":"","meta":{"_acf_changed":false,"inline_featured_image":false,"pgc_sgb_lightbox_settings":"","footnotes":""},"class_list":["post-31","page","type-page","status-publish"],"acf":[],"_links":{"self":[{"href":"https:\/\/idsa.org.br\/site\/wp-json\/wp\/v2\/pages\/31","targetHints":{"allow":["GET"]}}],"collection":[{"href":"https:\/\/idsa.org.br\/site\/wp-json\/wp\/v2\/pages"}],"about":[{"href":"https:\/\/idsa.org.br\/site\/wp-json\/wp\/v2\/types\/page"}],"author":[{"embeddable":true,"href":"https:\/\/idsa.org.br\/site\/wp-json\/wp\/v2\/users\/1"}],"replies":[{"embeddable":true,"href":"https:\/\/idsa.org.br\/site\/wp-json\/wp\/v2\/comments?post=31"}],"version-history":[{"count":2,"href":"https:\/\/idsa.org.br\/site\/wp-json\/wp\/v2\/pages\/31\/revisions"}],"predecessor-version":[{"id":4035,"href":"https:\/\/idsa.org.br\/site\/wp-json\/wp\/v2\/pages\/31\/revisions\/4035"}],"wp:attachment":[{"href":"https:\/\/idsa.org.br\/site\/wp-json\/wp\/v2\/media?parent=31"}],"curies":[{"name":"wp","href":"https:\/\/api.w.org\/{rel}","templated":true}]}}